{"id":1328,"date":"2017-01-26T17:24:46","date_gmt":"2017-01-26T17:24:46","guid":{"rendered":"http:\/\/www.joenessa.org\/ca\/educacion\/"},"modified":"2020-05-28T11:32:28","modified_gmt":"2020-05-28T11:32:28","slug":"educacio","status":"publish","type":"page","link":"https:\/\/www.joenessa.org\/ca\/educacio\/","title":{"rendered":"Educaci\u00f3"},"content":{"rendered":"<p>[vc_row full_width=&#8221;stretch_row_content&#8221; bg_type=&#8221;image&#8221; parallax_style=&#8221;vcpb-vz-jquery&#8221; bg_image_new=&#8221;1229|http:\/\/www.joenessa.org\/wp-content\/uploads\/2017\/01\/educacion-3.jpg&#8221; bg_img_attach=&#8221;fixed&#8221; css=&#8221;.vc_custom_1486031887466{padding-top: 30px !important;padding-bottom: 30px !important;background-color: #e2e1e4 !important;background-position: 0 0 !important;background-repeat: no-repeat !important;}&#8221; el_class=&#8221;slider-portada&#8221;][vc_column][vc_custom_heading text=&#8221;Educaci\u00f3&#8221; font_container=&#8221;tag:h1|text_align:center&#8221; google_fonts=&#8221;font_family:Open%20Sans%3A300%2C300italic%2Cregular%2Citalic%2C600%2C600italic%2C700%2C700italic%2C800%2C800italic|font_style:400%20regular%3A400%3Anormal&#8221; el_class=&#8221;titulo-destacado&#8221;][\/vc_column][\/vc_row][vc_row full_width=&#8221;stretch_row&#8221; css=&#8221;.vc_custom_1486035236548{padding-top: 20px !important;background-color: #e8e8e8 !important;}&#8221;][vc_column width=&#8221;1\/2&#8243;][vc_column_text]<\/p>\n<ul>\n<li><span style=\"color: #0084a0;\"><strong>Orientaci\u00f3 acad\u00e8mica:<\/strong><\/span> es realitzen entrevistes personalitzades o en grup i xerrades per informar sobre les diverses possibilitats d&#8217;estudis, ESO, bachillerat, formaci\u00f3 professional, PTT, ensenyaments universitaris, centres de formaci\u00f3 no reglada, estudis de idiomes, homologaci\u00f3 d&#8217;estudis, resid\u00e8ncies i allotjaments per estudiants.<\/li>\n<\/ul>\n<ul>\n<li><span style=\"color: #0084a0;\"><strong>Tramitaci\u00f3 de beques i ajudes per estudiar:<\/strong><\/span> es dona suport i assessorament als estudiants per sol\u00b7licitar les ajudes que el Ministerio i la Generalitat aproven per estudiar per a qu\u00e8 cap jove estudiant a la Val d&#8217;Aran i fora de la Val d&#8217;Aran es quede sense poder participar en aquestes l\u00ednies d&#8217;ajudes promovent la inclusi\u00f3 de tots els joves.<\/li>\n<\/ul>\n<ul>\n<li><span style=\"color: #ff6600;\"><strong><span style=\"color: #0084a0;\">Suport i coordinaci\u00f3 amb els centres educatius obligatoris i post-obligatoris:<\/span>\u00a0<\/strong><\/span>trobades amb els joves estudiants en els centres per informar d&#8217;afers d&#8217;inter\u00e8s per ells, proposar i consensuar accions, donar suport a les seves iniciatives i establir un canal de comunicaci\u00f3 i reflexi\u00f3 directa i de refer\u00e8ncia. Trobades amb els equips directius, professorat i professionas del m\u00f3n de l&#8217;ensenyament per coordinar el treball per realitzar en la xarxa.<\/li>\n<\/ul>\n<ul>\n<li><span style=\"color: #ff6600;\"><strong><span style=\"color: #0084a0;\">Organitzaci\u00f3 de programes formatius:<\/span>\u00a0<\/strong><\/span>des de l&#8217;Oficina de Joenessa organitzem diverses accions formatives al llarg de l&#8217;any: noves tecnologies, emprenedoria, educaci\u00f3 en lleure,&#8230;<\/li>\n<\/ul>\n<p>[\/vc_column_text][\/vc_column][vc_column width=&#8221;1\/2&#8243;][vc_single_image image=&#8221;948&#8243; img_size=&#8221;600&#215;600&#8243; alignment=&#8221;center&#8221;][\/vc_column][\/vc_row][vc_row][vc_column][vc_row_inner][vc_column_inner][vc_column_text]<\/p>\n<h1><span style=\"color: #ffffff;\"><strong>Oferta formativa Val d&#8217;Aran<\/strong><\/span><\/h1>\n<p>[\/vc_column_text][\/vc_column_inner][\/vc_row_inner][vc_column_text]<\/p>\n<p><iframe class=\"airtable-embed\" style=\"background: transparent; border: 1px solid #ccc;\" src=\"https:\/\/airtable.com\/embed\/shrhbDlINsAdFpoSk?backgroundColor=green&amp;viewControls=on\" width=\"100%\" height=\"533\" frameborder=\"0\"><\/iframe><\/p>\n<p>[\/vc_column_text][\/vc_column][vc_column][vc_column_text]<\/p>\n<h1 style=\"text-align: center;\">Enlla\u00e7os d&#8217;inter\u00e8s<\/h1>\n<p>[\/vc_column_text][\/vc_column][\/vc_row][vc_row][vc_column width=&#8221;1\/2&#8243;][vc_column_text]<\/p>\n<ul>\n<li>Institut d\u2019Aran<\/li>\n<\/ul>\n<p><a href=\"http:\/\/www.iesaran.com\/\">http:\/\/www.iesaran.com\/<\/a><\/p>\n<ul>\n<li>ETEVA, Esc\u00f2la T\u00e8cnics Esportius Val d\u2019Aran<\/li>\n<\/ul>\n<p><a href=\"http:\/\/www.eteva.org\/\">http:\/\/www.eteva.org\/<\/a><\/p>\n<ul>\n<li>Esc\u00f2la Ostalaria<\/li>\n<\/ul>\n<p><a href=\"http:\/\/iesostalaria.com\/\">http:\/\/iesostalaria.com\/<\/a><\/p>\n<ul>\n<li>CFA, Centre Formacion Adults Val d\u2019Aran<\/li>\n<\/ul>\n<p><a href=\"http:\/\/blocs.xtec.cat\/afavaldaran\/\">http:\/\/blocs.xtec.cat\/afavaldaran\/<\/a><\/p>\n<ul>\n<li>Departament d\u2019ensenyament<\/li>\n<\/ul>\n<p><a href=\"http:\/\/ensenyament.gencat.cat\/ca\/inici\/\">http:\/\/ensenyament.gencat.cat\/ca\/inici\/<\/a><\/p>\n<p>.[\/vc_column_text][\/vc_column][vc_column width=&#8221;1\/2&#8243;][vc_column_text]<\/p>\n<ul>\n<li>AGAUR, Ag\u00e8ncia de Gesti\u00f3 d\u2019Ajuts Universitaris i de Recerca<\/li>\n<\/ul>\n<p><a href=\"http:\/\/agaur.gencat.cat\/ca\/inici\/\">http:\/\/agaur.gencat.cat\/ca\/inici\/<\/a><\/p>\n<ul>\n<li>Portau des Univesitats Espanyoles<\/li>\n<\/ul>\n<p><a href=\"http:\/\/www.universia.es\/\">http:\/\/www.universia.es\/<\/a><\/p>\n<ul>\n<li>Qu\u00e8 estudiar en Catalonha?<\/li>\n<\/ul>\n<p><a href=\"http:\/\/queestudiar.gencat.cat\/es\">http:\/\/queestudiar.gencat.cat\/es<\/a><\/p>\n<ul>\n<li>EOI, Esc\u00f2la Oficial d\u2019Idiomes<\/li>\n<\/ul>\n<p><a href=\"http:\/\/www.eoilleida.org\/\">http:\/\/www.eoilleida.org\/<\/a><\/p>\n<ul>\n<li>Ministerio de educaci\u00f3n<\/li>\n<\/ul>\n<p><a href=\"http:\/\/www.mecd.gob.es\/portada-mecd\/\">http:\/\/www.mecd.gob.es\/portada-mecd\/<\/a>[\/vc_column_text][\/vc_column][\/vc_row]<\/p>\n","protected":false},"excerpt":{"rendered":"<p>[vc_row full_width=&#8221;stretch_row_content&#8221; bg_type=&#8221;image&#8221; parallax_style=&#8221;vcpb-vz-jquery&#8221; bg_image_new=&#8221;1229|http:\/\/www.joenessa.org\/wp-content\/uploads\/2017\/01\/educacion-3.jpg&#8221; bg_img_attach=&#8221;fixed&#8221; css=&#8221;.vc_custom_1486031887466{padding-top: 30px !important;padding-bottom: 30px [&hellip;]<\/p>\n","protected":false},"author":3,"featured_media":0,"parent":0,"menu_order":0,"comment_status":"closed","ping_status":"closed","template":"","meta":[],"_links":{"self":[{"href":"https:\/\/www.joenessa.org\/ca\/wp-json\/wp\/v2\/pages\/1328"}],"collection":[{"href":"https:\/\/www.joenessa.org\/ca\/wp-json\/wp\/v2\/pages"}],"about":[{"href":"https:\/\/www.joenessa.org\/ca\/wp-json\/wp\/v2\/types\/page"}],"author":[{"embeddable":true,"href":"https:\/\/www.joenessa.org\/ca\/wp-json\/wp\/v2\/users\/3"}],"replies":[{"embeddable":true,"href":"https:\/\/www.joenessa.org\/ca\/wp-json\/wp\/v2\/comments?post=1328"}],"version-history":[{"count":9,"href":"https:\/\/www.joenessa.org\/ca\/wp-json\/wp\/v2\/pages\/1328\/revisions"}],"predecessor-version":[{"id":2028,"href":"https:\/\/www.joenessa.org\/ca\/wp-json\/wp\/v2\/pages\/1328\/revisions\/2028"}],"wp:attachment":[{"href":"https:\/\/www.joenessa.org\/ca\/wp-json\/wp\/v2\/media?parent=1328"}],"curies":[{"name":"wp","href":"https:\/\/api.w.org\/{rel}","templated":true}]}}